{"id":4999,"date":"2023-05-22T15:49:08","date_gmt":"2023-05-22T14:49:08","guid":{"rendered":"https:\/\/hrkll.ch\/WordPress\/?page_id=4999"},"modified":"2023-07-18T13:04:18","modified_gmt":"2023-07-18T12:04:18","slug":"den-eigenen-erfahrungen-trauen","status":"publish","type":"page","link":"https:\/\/hrkll.ch\/WordPress\/denkwerzeuge\/den-eigenen-erfahrungen-trauen\/","title":{"rendered":"Den eigenen Erfahrungen trauen?"},"content":{"rendered":"<h1>Beschr\u00e4nkte Erfahrungsbasis<\/h1>\n<p>Ich weiss nicht, wie es bei Ihnen ist, aber in meinem Umfeld war bis zum Moment, wo ich diesen Abschnitt entworfen habe, nur eine einzige Person an Covid-19 erkrankt und das auch nicht schwer \u2013 nach bald zwei Jahren Pandemie. Ist das ganze mediale Geschrei wegen \u00dcberlastung des Gesundheitssystems etc. da nicht ein bisschen \u00fcbertrieben?<\/p>\n<p>Eine kleine Rechnung zeigt, dass meine Erfahrung und die Berichte \u00fcber die angespannte Lage sich nicht widersprechen. Bis zu jenem Moment mussten laut offiziellen Angaben in der Schweiz rund 35\u2018000 Personen wegen Covid-19 in Spital. Wenn die 35\u2018000 hospitalisierten Personen im Schnitt etwa zwei Wochen im Spital blieben, dann macht das pro Jahr rund 250\u2018000 zus\u00e4tzliche Spitaltage; eine Zusatzbelastung, die sicher nicht einfach wegzustecken ist.<\/p>\n<p>Aber in der Schweiz leben rund 8.6 Millionen Menschen. Das bedeutet, dass pro 1\u2018000 Menschen bis zu jenem Zeitpunkt nur etwa 4 im Spital behandelt werden mussten. Wenn ich zu meinem Umfeld etwa 100 Personen rechne, dann sind das aus diesem Umfeld rein rechnerisch nur 0.4 Personen. Also kein Wunder, dass ich niemanden kenne.<\/p>\n<p>Diese kleine \u00dcberlegung illustriert, dass es f\u00fcr uns typischerweise schwierig ist, einzusch\u00e4tzen, wie oft etwas \u00fcberhaupt vorkommt. Wenn niemand in unserer Umgebung wegen Covid-19 ins Spital muss, k\u00f6nnten wir annehmen, dass das gar nie vorkommt \u2013 was sicher falsch ist. Umgekehrt k\u00f6nnte es der Zufall wollen, dass von den 100 Personen, die wir n\u00e4her kennen, zehn hospitalisiert wurden. W\u00fcrden wir daraus schliessen, dass bisher jede zehnte Person in der Schweiz, also etwa 860\u2018000 wegen Covid-19 im Spital waren, so w\u00e4re das auch falsch. Um in solchen F\u00e4llen auf verl\u00e4ssliche Werte zu kommen, gen\u00fcgen unsere eigenen Beobachtungen nicht. Erst wenn wir die Beobachtungen vieler Personen zusammentragen, erhalten wir ein aussagekr\u00e4ftiges Bild.<\/p>\n<p>Das bedeutet aber auch, dass wir von den F\u00e4llen, die wir selbst beobachten, nie wissen, ob sie typisch sind oder nicht. Wie gesagt ist in meinem Umfeld bis zu jenem Zeitpunkt nur eine Person \u00fcberhaupt an Covid-19 erkrankt, und bei dieser Person war der Verlauf unproblematisch. Daraus k\u00f6nnte ich schliessen, dass Covid-19 Erkrankungen kein Problem darstellen. Schaut man sich die Zahlen an, die gesamtschweizerisch zusammengetragen wurden, sieht die Situation etwas anders aus: Bis zu jenem Zeitpunkt wurden knapp eine Million Covid-19 F\u00e4lle gemeldet, d.h. von 1\u2018000 Erkrankten mussten ca. 35 ins Spital eingeliefert werden. Bei der normalen Grippe hingegen landet von 1\u2018000 Personen, welche wegen Grippe einen Arzt oder eine \u00c4rztin konsultieren, nur eine einzige in Spital. Mein Eindruck \u2013 basierend auf dem einzigen Fall in meinem Umfeld \u2013 ist also falsch. So ganz harmlos ist Covid-19 nicht.<\/p>\n<p>Dasselbe gilt f\u00fcr Vieles, was wir anhand von ein paar Beispielen in unserem Umfeld beobachten. Vielleicht kommen wir auf Grund von Beobachtungen in unserem Umfeld zum Schluss, dass Kleinkinder sp\u00e4testens im Alter von drei Jahren ohne Windeln auskommen sollten. Dabei zeigen umfangreiche Erhebungen, dass viele Kinder erst mit vier oder f\u00fcnf Jahren auch in der Nacht trocken sind. Und wie jede erfahrene Kinder\u00e4rztin oder jeder Entwicklungspsychologe best\u00e4tigen kann, ist das auch kein Problem. Oder vielleicht sind wir auf Grund der Beobachtungen an uns selbst der Meinung, dass alle Menschen in der Lage sein sollten, Rechtschreibung zu beherrschen, wenn sie sich nur M\u00fche geben w\u00fcrden. Dabei ist bekannt, dass etwa einer von zehn Personen das nie gelingen wird. Und wenn es <a href=\"https:\/\/hrkll.ch\/WordPress\/denkwerzeuge\/#Fall1\">den M\u00fcllers<\/a> gelungen ist, ihre drei Kinder gut durch die verschiedenen Kinderkrankheiten zu begleiten, heisst das zwar, dass dies offenbar m\u00f6glich ist, aber es bleibt unklar, in wie viel F\u00e4llen das im Schnitt gelingt.<\/p>\n<div style=\"background-color: lavenderblush;\">\n<p><a name=\"_Toc127785109\"><\/a><strong>Islamismus in der Schweiz<\/strong><\/p>\n<p>In den Medien war immer wieder von Predigern in schweizerischen Moscheen die Rede, die einen ultrakonservativen Islam vertreten, Hass auf \u201eUngl\u00e4ubige\u201c verbreiten und gar zum Heiligen Krieg aufrufen. <a href=\"#_ftn1\" name=\"_ftnref1\">[1]<\/a><sup>,<\/sup><a href=\"#_ftn2\" name=\"_ftnref2\">[2]<\/a><sup>,<\/sup><a href=\"#_ftn3\" name=\"_ftnref3\">[3]<\/a> An einer Stelle hiess es noch im Sommer 2021: \u201eIm Kampf gegen islamistische Hetzer scheinen die Schweizer Moscheen hilflos\u201c.<a href=\"#_ftn4\" name=\"_ftnref4\">[4]<\/a> Das hat bei mir das Gef\u00fchl hinterlassen, dass der Islamismus in der Schweiz eine echte Gefahr darstellt und niemand so recht weiss, wie man dagegen vorgehen soll. Allerdings war ich mir auch bewusst, dass die Medienberichte nur Momentaufnahmen sind und es schwierig ist, daraus ein verl\u00e4ssliches Bild abzuleiten.<\/p>\n<p>Eine Studie<a href=\"#_ftn5\" name=\"_ftnref5\">[5]<\/a> hat nun (2022) die Verh\u00e4ltnisse in sieben Moscheen genauer untersucht. Die Autor:innen der Studie fanden, dass es zwar \u201eausl\u00e4ndische Akteure und internationale Organisationen [gibt], die Einfluss nehmen in Schweizer Moscheegemeinden und die ihre Vorstellungen eines ultrakonservativen oder politischen Islams verbreiten wollen.\u201c <a href=\"#_ftn6\" name=\"_ftnref6\">[6]<\/a> Dieser Einfluss hat aber in den letzten Jahren abgenommen. In der Studie wird das einerseits zur\u00fcckgef\u00fchrt auf die Wirkung einer kritischen \u00d6ffentlichkeit, auf die Medien, die problematische Entwicklungen publik machen. \u201eAndererseits gab es einen Generationenwechsel. Junge, gut gebildete Musliminnen und Muslime besuchen die Moscheen. Sie wehren sich oft gegen zu viel Einflussnahme aus dem Ausland oder Predigten, die mit ihrer Lebensrealit\u00e4t wenig zu tun haben.\u201c<\/p>\n<\/div>\n<p>F\u00fcr vieles ist unsere Erfahrungsbasis zu schmal \u2013 einige wenige F\u00e4lle \u2013 als dass wir daraus Schl\u00fcsse ziehen k\u00f6nnten. In der Regel ist es besser, den <a href=\"https:\/\/hrkll.ch\/WordPress\/denkwerzeuge\/expertinnen\/\">Expert:innen<\/a> zu glauben, welche Daten von tausenden oder noch mehr F\u00e4llen verarbeitet haben. Ausserhalb der oben geschilderten Grenzen unserer Wahrnehmung ist ihre Einsch\u00e4tzung verl\u00e4sslicher.<\/p>\n<p><a name=\"_Toc127130930\"><\/a><strong>Die Einsch\u00e4tzung anerkannter Expert:innen ist in der Regel brauchbarer als unsere eigene, auf unseren eigenen Erfahrungen basierende, da ihre Erfahrungsbasis deutlich breiter ist.<\/strong><\/p>\n<p>Diese Empfehlung gilt nat\u00fcrlich auch gegen\u00fcber dem, was wir von Freunden, Bekannten, mehr oder weniger anonymen Kommentatoren im Internet h\u00f6ren. Sind sie nicht Expert:innen f\u00fcr das jeweilige Denkwerkzeug, dann ist auch ihre Erfahrungsbasis in der Regel nicht breiter als unsere eigene und damit nur bedingt verl\u00e4sslich.<\/p>\n<h1>Best\u00e4tigungstendenz<\/h1>\n<p>Aber auch wenn wir in einem Fall \u00fcber eine gen\u00fcgend grosse und verl\u00e4ssliche Erfahrungsbasis verf\u00fcgen, besteht die Gefahr, dass wir unseren eigenen Schlussfolgerungen nicht trauen k\u00f6nnen. Wir haben n\u00e4mlich alle \u2013 wirklich alle, Sie und ich! \u2013 die Tendenz, vor allem Dinge zur Kenntnis zu nehmen, die zu unserer bereits vorgefassten Meinung passen. Wenn wir bspw. der Meinung sind, dass Leute aus Afrika deutlich lauter reden als wir Schweizer, dann f\u00e4llt uns nat\u00fcrlich sofort jede Gruppe dunkelh\u00e4utiger Personen auf, die sich \u00fcberdurchschnittlich laut unterh\u00e4lt. All die anderen, die leise miteinander redend an uns vorbeigehen, \u00fcbersehen wir.<\/p>\n<p>In der Psychologie wird diese Tendenz, nur wahrzunehmen, was zum eigenen Weltbild passt, \u201econfirmation bias\u201c genannt und ist gut dokumentiert. Es ist sehr schwierig dieser Tendenz zu entkommen. So k\u00f6nnte es auch <a href=\"https:\/\/hrkll.ch\/WordPress\/denkwerzeuge\/#Fall1\">den M\u00fcllers<\/a> passieren, dass sie in ihrem Umfeld nur die F\u00e4lle wahrnehmen, bei denen ein ungeimpftes Kind problemlos durch eine Krankheit kommt und Komplikationen bei anderen Kindern \u00fcbersehen. Zudem k\u00f6nnte es sein, dass ihnen \u201eEntwicklungsst\u00f6rungen\u201c nur bei Kindern auffallen, die geimpft sind.<\/p>\n<p>Um diesem Problem zu entgehen, zeichnen Forscher:innen \u2013 Expert:innen f\u00fcr die Auswertung von Erfahrungen \u2013 ihre Beobachtungen sehr sorgf\u00e4ltig auf und sorgen durch ein systematisches Vorgehen daf\u00fcr, dass alle gleichwertig in die Auswertung einfliessen.<\/p>\n<p><a name=\"_Toc127130931\"><\/a><strong>Wenn wir aus unseren eigenen Erfahrungen Schl\u00fcsse ziehen wollen, dann m\u00fcssen wir diese Erfahrungen sehr systematisch festhalten und sorgf\u00e4ltig auswerten, da wir sonst die Tendenz haben, einfach nur unsere vorgefasste Meinung zu st\u00fctzen.<\/strong><\/p>\n<p>Weiter lesen &gt;&gt; <a href=\"https:\/\/hrkll.ch\/WordPress\/denkwerzeuge\/den-eigenen-erinnerungen-trauen\/\">Den eigenen Erinnerungen trauen?<\/a><\/p>\n<hr \/>\n<p><a href=\"#_ftnref1\" name=\"_ftn1\">[1]<\/a> <a href=\"https:\/\/www.srf.ch\/news\/regional\/zuerich-schaffhausen\/zu-gewalt-aufgerufen-der-hassprediger-von-winterthur-ist-ausgeschafft-worden\" target=\"_blank\" rel=\"noopener\">https:\/\/www.srf.ch\/news\/regional\/zuerich-schaffhausen\/zu-gewalt-aufgerufen-der-hassprediger-von-winterthur-ist-ausgeschafft-worden<\/a><\/p>\n<p><a href=\"#_ftnref2\" name=\"_ftn2\">[2]<\/a> <a href=\"https:\/\/www.bernerzeitung.ch\/bieler-prediger-abu-ramadan-angeklagt-871406864422\" target=\"_blank\" rel=\"noopener\">https:\/\/www.bernerzeitung.ch\/bieler-prediger-abu-ramadan-angeklagt-871406864422<\/a><\/p>\n<p><a href=\"#_ftnref3\" name=\"_ftn3\">[3]<\/a> <a href=\"https:\/\/www.tagesanzeiger.ch\/panorama\/werden-in-genf-junge-jihadisten-ausgebildet\/story\/29129645\" target=\"_blank\" rel=\"noopener\">https:\/\/www.tagesanzeiger.ch\/panorama\/werden-in-genf-junge-jihadisten-ausgebildet\/story\/29129645<\/a><\/p>\n<p><a href=\"#_ftnref4\" name=\"_ftn4\">[4]<\/a> <a href=\"https:\/\/www.bluewin.ch\/de\/news\/schweiz\/wer-muss-gegen-hassprediger-vorgehen-822969.html\" target=\"_blank\" rel=\"noopener\">https:\/\/www.bluewin.ch\/de\/news\/schweiz\/wer-muss-gegen-hassprediger-vorgehen-822969.html<\/a><\/p>\n<p><a href=\"#_ftnref5\" name=\"_ftn5\">[5]<\/a> <a href=\"https:\/\/folia.unifr.ch\/unifr\/documents\/313356\" target=\"_blank\" rel=\"noopener\">https:\/\/folia.unifr.ch\/unifr\/documents\/313356<\/a><\/p>\n<p><a href=\"#_ftnref6\" name=\"_ftn6\">[6]<\/a> <a href=\"https:\/\/www.srf.ch\/news\/schweiz\/netzwerk-von-islamisten-wie-viel-einfluss-haben-islamisten-und-wahabiten-in-der-schweiz?wt_mc_o=srf.share.app.srf-app.unknown\" target=\"_blank\" rel=\"noopener\">https:\/\/www.srf.ch\/news\/schweiz\/netzwerk-von-islamisten-wie-viel-einfluss-haben-islamisten-und-wahabiten-in-der-schweiz<\/a><\/p>\n","protected":false},"excerpt":{"rendered":"<p>Beschr\u00e4nkte Erfahrungsbasis Ich weiss nicht, wie es bei Ihnen ist, aber in meinem Umfeld war bis zum Moment, wo ich diesen Abschnitt entworfen habe, nur eine einzige Person an Covid-19 erkrankt und das auch nicht schwer \u2013 nach bald zwei &hellip; <a href=\"https:\/\/hrkll.ch\/WordPress\/denkwerzeuge\/den-eigenen-erfahrungen-trauen\/\">Weiterlesen <span class=\"meta-nav\">&rarr;<\/span><\/a><\/p>\n","protected":false},"author":7,"featured_media":0,"parent":2676,"menu_order":14,"comment_status":"closed","ping_status":"closed","template":"sidebar-page.php","meta":{"footnotes":""},"class_list":["post-4999","page","type-page","status-publish","hentry"],"_links":{"self":[{"href":"https:\/\/hrkll.ch\/WordPress\/wp-json\/wp\/v2\/pages\/4999","targetHints":{"allow":["GET"]}}],"collection":[{"href":"https:\/\/hrkll.ch\/WordPress\/wp-json\/wp\/v2\/pages"}],"about":[{"href":"https:\/\/hrkll.ch\/WordPress\/wp-json\/wp\/v2\/types\/page"}],"author":[{"embeddable":true,"href":"https:\/\/hrkll.ch\/WordPress\/wp-json\/wp\/v2\/users\/7"}],"replies":[{"embeddable":true,"href":"https:\/\/hrkll.ch\/WordPress\/wp-json\/wp\/v2\/comments?post=4999"}],"version-history":[{"count":7,"href":"https:\/\/hrkll.ch\/WordPress\/wp-json\/wp\/v2\/pages\/4999\/revisions"}],"predecessor-version":[{"id":5335,"href":"https:\/\/hrkll.ch\/WordPress\/wp-json\/wp\/v2\/pages\/4999\/revisions\/5335"}],"up":[{"embeddable":true,"href":"https:\/\/hrkll.ch\/WordPress\/wp-json\/wp\/v2\/pages\/2676"}],"wp:attachment":[{"href":"https:\/\/hrkll.ch\/WordPress\/wp-json\/wp\/v2\/media?parent=4999"}],"curies":[{"name":"wp","href":"https:\/\/api.w.org\/{rel}","templated":true}]}}