{"id":4871,"date":"2023-03-29T10:05:13","date_gmt":"2023-03-29T09:05:13","guid":{"rendered":"https:\/\/hrkll.ch\/WordPress\/?page_id=4871"},"modified":"2023-05-16T08:39:55","modified_gmt":"2023-05-16T07:39:55","slug":"konsequenzen","status":"publish","type":"page","link":"https:\/\/hrkll.ch\/WordPress\/denkwerzeuge\/konsequenzen\/","title":{"rendered":"Konsequenzen"},"content":{"rendered":"<p>Wenn wir uns f\u00fcr die Nutzung eines bestimmten Denkwerkzeugs entscheiden, kann das negative Konsequenzen f\u00fcr uns selbst haben \u2013 wie hohe <a href=\"https:\/\/hrkll.ch\/WordPress\/denkwerzeuge\/kosten\/\">Kosten<\/a> oder eine gest\u00f6rte <a href=\"https:\/\/hrkll.ch\/WordPress\/denkwerzeuge\/kooperation\/\">Kooperation<\/a> mit anderen. Wenn Personen beschliessen zu glauben oder zu wissen, dass sie wiedergeboren wurden, d\u00fcrfte das zur Folge haben, dass sie in gewissen Kreisen nicht ganz ernst genommen werden. Ob sie damit leben k\u00f6nnen, m\u00fcssen sie selbst entscheiden. \u00c4hnliche, unter Umst\u00e4nden negative Konsequenzen k\u00f6nnen bei anderen auftreten, wenn wir ihnen ein Werkzeug empfehlen oder gar aufn\u00f6tigen (vgl. dazu auch <a href=\"https:\/\/hrkll.ch\/WordPress\/denkwerzeuge\/kooperation\/lehrerweiterbildung\/\">Lehrerweiterbildung<\/a>).<\/p>\n<p>F\u00fcr den Eigenbedarf ist die entsprechende Empfehlung trivial:<\/p>\n<p><a name=\"_Toc127130924\"><\/a><strong>Der Einsatz eines Denkwerkzeugs macht nur Sinn, wenn die positiven Konsequenzen die negativen \u00fcberwiegen.<\/strong><\/p>\n<p>Im Zusammenhang mit dem <a href=\"https:\/\/hrkll.ch\/WordPress\/denkwerzeuge\/#Fall1\">Impfen<\/a> gilt es zu beachten, dass M\u00fcllers Verzicht auf Impfungen nicht nur Konsequenzen f\u00fcr ihre eigenen Kinder hat, sondern auch f\u00fcr viele andere. Sie sorgen damit daf\u00fcr, dass die entsprechenden Viren weiter zirkulieren und damit Kinder bedroht werden, die verletzlicher sind, als ihre Kinder &#8211; weil sie Vorerkrankungen aufweisen, weil deren Eltern eine weniger gute medizinische Betreuung gew\u00e4hrleisten k\u00f6nnen, als das f\u00fcr die M\u00fcllers m\u00f6glich ist etc. Wenn man sich impft, sorgt man nicht nur f\u00fcr sich selbst, sondern in vielen F\u00e4llen auch daf\u00fcr, dass die Krankheit an anderen Orten weniger Sch\u00e4den anrichten kann. Der Einsatz eines bestimmten Denkwerkzeugs, der f\u00fcr uns selbst positiv oder zumindest unproblematisch ist, kann aber gleichzeitig negative Konsequenzen f\u00fcr andere haben. Daher:<\/p>\n<p><a name=\"_Toc127130925\"><\/a><strong>Der Einsatz eines Denkwerkzeugs kann negative Konsequenzen f\u00fcr andere habe. Fairerweise sollten wir das ber\u00fccksichtigen.<\/strong><\/p>\n<div style=\"background-color: lavenderblush;\">\n<p><a name=\"_Toc127785081\"><\/a><strong>Ein Arzt als<\/strong> <strong>Corona Leugner<\/strong><\/p>\n<p>Februar 2021, die COVID Pandemie dominiert nun seit etwa einem Jahr das Alltagsleben. In der Schweiz herrscht ein Lockdown \u201elight\u201c. \u201eNicht essenzielle\u201c Gesch\u00e4fte sind geschlossen ebenso wie Restaurants, Bars, Museen und Ausstellungen. Sport findet ohne Zuschauer statt. Die Schulen sind ge\u00f6ffnet, ebenso die Coiffeurl\u00e4den und die Skilifte.<\/p>\n<p>Viele sind dieser Situation m\u00fcde. Aber wegen der Gefahr, die von neuen Mutationen des Virus mit h\u00f6herem Ansteckungspotential droht, ist keine \u00c4nderung dieses Regimes in Sicht. Entsprechend besteht eine gewisse Bereitschaft, die offizielle Sicht der Lage durch die Beh\u00f6rden in Frage zu stellen. Hier eine Meldung des SRF (leicht gek\u00fcrzt)<strong> <a href=\"#_ftn1\" name=\"_ftnref1\">[1]<\/a><\/strong>:<\/p>\n<p><strong>\u201eBeh\u00f6rden warnen Corona-Skeptiker<\/strong><\/p>\n<ul>\n<li>Corona-Skeptiker unter den \u00c4rzten gehen an die \u00d6ffentlichkeit. Sie gr\u00fcndeten einen Verein, neunzig \u00c4rztinnen und \u00c4rzte sind schon dabei.<\/li>\n<li>Andreas Heisler, einer der Gr\u00fcnder, behauptet, die Stimmung in der Schweiz sei wie damals in der DDR. \u00abKeine Reisefreiheit, keine Meinungsfreiheit, keine Versammlungsfreiheit.\u00bb<\/li>\n<li>Kantons\u00e4rzte beobachten die Verst\u00f6sse, die diese \u00c4rzte begehen. Sie drohen damit, die Praxen zu schliessen.<\/li>\n<\/ul>\n<p>An der Eingangst\u00fcr zur Praxis h\u00e4ngt ein Zettel: \u201eWegen einer beh\u00f6rdlichen Massnahme geschlossen.\u201c Hausarzt Andreas Heisler aus Ebikon hat Zeit, die \u201eRundschau\u201c zu empfangen. \u201eEs ist nicht sch\u00f6n, die Polizei im Haus zu haben\u201c, sagt er. Weil Heisler sich nicht an die Maskenpflicht hielt, haben die Beh\u00f6rden im Januar seine Praxis geschlossen.<\/p>\n<p>Die Anordnung gilt nur f\u00fcr eine Woche. Die Gesundheitsbeh\u00f6rden hoffen, dass Heisler den Warnschuss versteht. Dies scheint aber kaum der Fall zu sein. Genauso ein Dorn im Auge war den Beh\u00f6rden, dass Heisler Maskenbefreiungsatteste an Patienten ausstellt, die er nie gesehen hat.<\/p>\n<p>Heisler liest der \u201eRundschau\u201c aus einem Mail vor, das er gerade bekommen hat. \u201eIch w\u00e4re froh, wenn Sie mir und meinen Kindern ein solches Attest ausstellen k\u00f6nnten\u201c, steht da. Die Familie leide unter Atemnot und Hautausschlag. Er m\u00fcsse Schaden von den Patienten abwenden, sagt Heisler. Es sei kein Fehler gewesen, solche Dispensen auf schriftliche Anfragen hin auszustellen. Er habe dies in der Vergangenheit getan. Und er werde es weiter machen.<\/p>\n<p>Heisler ist ein leidenschaftlicher K\u00e4mpfer gegen die Corona-Schutzmassnahmen. Er zweifelt an der Existenz des Virus, obwohl er nach eigener Aussage selbst an Corona erkrankt war. Impfungen seien gef\u00e4hrlich, und durch das Maskentragen w\u00fcrden viele krank. Heisler hat einen Verein gegr\u00fcndet, er heisst \u201eAletheia\u201c.<a href=\"#_ftn2\" name=\"_ftnref2\">[2]<\/a> Darin sind rund 140 Mediziner vereinigt, die alle \u00e4hnlich denken. Die Sterblichkeitsrate von Corona liege bei einer leichten bis mittelstarken Grippe, behaupten sie auf ihrer Homepage.<\/p>\n<p>Der deutsche Arzt Heisler sieht schwarz, was die Zukunft der Schweiz angeht. Die Demokratie sei stark angeschlagen, die Schweiz erinnere ihn an die DDR. \u201eDie Stimmung, die dort herrschte, erlebe ich jetzt hier\u201c, sagt er. \u201eDie Reisefreiheit ist weg, keine Meinungsfreiheit, keine Versammlungsfreiheit.\u201c Heisler vergleicht das, was ein kommunistisches Land zur Aufrechterhaltung einer Diktatur verf\u00fcgt hatte, mit den Massnahmen zur Ausbreitung einer Pandemie.<\/p>\n<p>[\u2026]<\/p>\n<p>Die Beh\u00f6rden schauen zu. M\u00f6glicherweise nicht mehr lange.\u201c<\/p>\n<\/div>\n<p>Im Sinne einer gewissen Toleranz gegen\u00fcber m\u00f6glicherweise <a href=\"https:\/\/hrkll.ch\/WordPress\/denkwerzeuge\/gleichwertige-alternativen\/\">gleichwertigen Denkwerkzeugen<\/a> k\u00f6nnte man hier sagen, was Michael Perricone in einem Leitartikel auf SRF zu einer anderen Massnahmen-Skeptikerin schrieb: \u201e<strong>Skeptiker liegen oft falsch, ein Verbrechen ist das nicht.<\/strong> [\u2026] Es ist auch keines, offen zu sagen, dass man Masken ablehne und am liebsten nicht trage. Oder dass einem die rasche Entwicklung und Zulassung der Covid-19-Impfung skeptisch stimme [\u2026].\u201c<a href=\"#_ftn3\" name=\"_ftnref3\">[3]<\/a><\/p>\n<p>W\u00e4re Herr Heislers Meinung seine private Meinung, die er mehrheitlich f\u00fcr sich beh\u00e4lt oder gelegentlich einmal in einem Gespr\u00e4ch einbringt, dann k\u00f6nnte ich dem zustimmen. Dabei bleibt es aber nicht. Herr Heisler handelt auch aufgrund seiner \u00dcberzeugung. Und damit tr\u00e4gt er eine andere Verantwortung f\u00fcr die Konsequenzen, als wenn er nur f\u00fcr sich an seine Version der Geschichte glauben w\u00fcrde.<\/p>\n<p>Die Zahlen der anderen, der \u201eoffiziellen\u201c Version sind eindr\u00fccklich: Bis zum 8. Februar 2023 haben sich ca. 672 Millionen Menschen mit dem Coronavirus angesteckt. Gegen sieben Millionen sind in diesem Zusammenhang gestorben. Die Sterblichkeit bei Covid-19 ist deutlich h\u00f6her als bei der Grippe (mindestens dreimal h\u00f6her, aber m\u00f6glicherweise auch zehnmal h\u00f6her oder sogar mehr). Impfungen sind das beste Gegenmittel dagegen und relativ ungef\u00e4hrlich (weniger als 2 Todesf\u00e4lle auf 100\u2018000 Impfungen<a href=\"#_ftn4\" name=\"_ftnref4\">[4]<\/a>). Das Tragen von Masken ist f\u00fcr die allermeisten Menschen gesundheitlich unbedenklich.<\/p>\n<p>Weiter lesen &gt;&gt; <a href=\"https:\/\/hrkll.ch\/WordPress\/denkwerzeuge\/google-und-co\/\">Google und Co.<\/a><\/p>\n<hr \/>\n<p><a href=\"#_ftnref1\" name=\"_ftn1\">[1]<\/a> Thomas Vogel, <a href=\"https:\/\/www.srf.ch\/news\/schweiz\/aerzte-im-visier-behoerden-warnen-corona-skeptiker\">https:\/\/www.srf.ch\/news\/schweiz\/aerzte-im-visier-behoerden-warnen-corona-skeptiker<\/a>, 10.02.2021, 20:05 Uhr<\/p>\n<p><a href=\"#_ftnref2\" name=\"_ftn2\">[2]<\/a> <a href=\"https:\/\/aletheia-scimed.ch\/\">https:\/\/aletheia-scimed.ch\/<\/a><\/p>\n<p><a href=\"#_ftnref3\" name=\"_ftn3\">[3]<\/a> Michael Perricone, <a href=\"https:\/\/www.srf.ch\/news\/schweiz\/widerstand-gegen-massnahmen-skeptiker-liegen-oft-falsch-ein-verbrechen-ist-das-nicht\">https:\/\/www.srf.ch\/news\/schweiz\/widerstand-gegen-massnahmen-skeptiker-liegen-oft-falsch-ein-verbrechen-ist-das-nicht<\/a>, Donnerstag, 15.04.2021, 19:30 Uhr<\/p>\n<p><a href=\"#_ftnref4\" name=\"_ftn4\">[4]<\/a> <a href=\"https:\/\/www.swissmedic.ch\/swissmedic\/de\/home\/news\/coronavirus-covid-19\/covid-19-vaccines-safety-update-4.html\">https:\/\/www.swissmedic.ch\/swissmedic\/de\/home\/news\/coronavirus-covid-19\/covid-19-vaccines-safety-update-4.html<\/a><\/p>\n","protected":false},"excerpt":{"rendered":"<p>Wenn wir uns f\u00fcr die Nutzung eines bestimmten Denkwerkzeugs entscheiden, kann das negative Konsequenzen f\u00fcr uns selbst haben \u2013 wie hohe Kosten oder eine gest\u00f6rte Kooperation mit anderen. Wenn Personen beschliessen zu glauben oder zu wissen, dass sie wiedergeboren wurden, &hellip; <a href=\"https:\/\/hrkll.ch\/WordPress\/denkwerzeuge\/konsequenzen\/\">Weiterlesen <span class=\"meta-nav\">&rarr;<\/span><\/a><\/p>\n","protected":false},"author":7,"featured_media":0,"parent":2676,"menu_order":8,"comment_status":"closed","ping_status":"closed","template":"sidebar-page.php","meta":{"footnotes":""},"class_list":["post-4871","page","type-page","status-publish","hentry"],"_links":{"self":[{"href":"https:\/\/hrkll.ch\/WordPress\/wp-json\/wp\/v2\/pages\/4871","targetHints":{"allow":["GET"]}}],"collection":[{"href":"https:\/\/hrkll.ch\/WordPress\/wp-json\/wp\/v2\/pages"}],"about":[{"href":"https:\/\/hrkll.ch\/WordPress\/wp-json\/wp\/v2\/types\/page"}],"author":[{"embeddable":true,"href":"https:\/\/hrkll.ch\/WordPress\/wp-json\/wp\/v2\/users\/7"}],"replies":[{"embeddable":true,"href":"https:\/\/hrkll.ch\/WordPress\/wp-json\/wp\/v2\/comments?post=4871"}],"version-history":[{"count":6,"href":"https:\/\/hrkll.ch\/WordPress\/wp-json\/wp\/v2\/pages\/4871\/revisions"}],"predecessor-version":[{"id":4981,"href":"https:\/\/hrkll.ch\/WordPress\/wp-json\/wp\/v2\/pages\/4871\/revisions\/4981"}],"up":[{"embeddable":true,"href":"https:\/\/hrkll.ch\/WordPress\/wp-json\/wp\/v2\/pages\/2676"}],"wp:attachment":[{"href":"https:\/\/hrkll.ch\/WordPress\/wp-json\/wp\/v2\/media?parent=4871"}],"curies":[{"name":"wp","href":"https:\/\/api.w.org\/{rel}","templated":true}]}}